{"id":18,"date":"2023-08-22T13:10:31","date_gmt":"2023-08-22T13:10:31","guid":{"rendered":"http:\/\/eden-the-garden.ch\/?page_id=18"},"modified":"2025-02-28T10:51:01","modified_gmt":"2025-02-28T10:51:01","slug":"kontakt","status":"publish","type":"page","link":"https:\/\/eden-the-garden.ch\/index.php\/kontakt\/","title":{"rendered":"team"},"content":{"rendered":"\n<p class=\"wp-block-paragraph\"><strong>Team<\/strong><\/p>\n\n\n\n<div class=\"wp-block-media-text is-stacked-on-mobile\" style=\"grid-template-columns:40% auto\"><figure class=\"wp-block-media-text__media\"><img fetchpriority=\"high\" decoding=\"async\" width=\"340\" height=\"425\" src=\"https:\/\/eden-the-garden.ch\/wp-content\/uploads\/2024\/06\/profil_andrea_nater.jpg\" alt=\"\" class=\"wp-image-306 size-full\" srcset=\"https:\/\/eden-the-garden.ch\/wp-content\/uploads\/2024\/06\/profil_andrea_nater.jpg 340w, https:\/\/eden-the-garden.ch\/wp-content\/uploads\/2024\/06\/profil_andrea_nater-240x300.jpg 240w\" sizes=\"(max-width: 340px) 100vw, 340px\" \/><\/figure><div class=\"wp-block-media-text__content\">\n<p class=\"has-small-font-size wp-block-paragraph\"><strong>Andrea Nater<br><\/strong><span style=\"text-decoration: underline;\">Ausbildung<\/span><br>2024: eigene Praxis: <a href=\"https:\/\/www.annana.ch\/\" target=\"_blank\" rel=\"noreferrer noopener\">annana.ch<\/a><br>2020-24: dipl. Naturheilpraktikerin TEN<br>2007-09: Drogistin HF <br>2001-05: Berufslehre als Drogistin EFZ<br><span style=\"text-decoration: underline;\">Berufserfahrung<\/span><br>2021-23: Dropa Drogerie Appenzell<br>&#8211; Fachtechnische Leitung<br>&#8211; Unterst\u00fctzung der Gesch\u00e4ftsleitung<br>2012-21: Dropa Apotheke Arbon<br>&#8211; CO- Betriebsleiterin<br>&#8211; Dozentin Naturheilkunde Dr. B\u00e4hler Dropa AG<br>2009-12: SWIDROG Drogerie Buchs SG<br>&#8211; Betriebsleitung Drogerie und Parf\u00fcmerie<br>&#8211; Selbst\u00e4ndige Leitung Drogerie<\/p>\n<\/div><\/div>\n\n\n\n<div class=\"wp-block-media-text is-stacked-on-mobile\" style=\"grid-template-columns:40% auto\"><figure class=\"wp-block-media-text__media\"><img decoding=\"async\" width=\"340\" height=\"425\" src=\"https:\/\/eden-the-garden.ch\/wp-content\/uploads\/2024\/06\/profil_lilo_meier.jpg\" alt=\"\" class=\"wp-image-307 size-full\" srcset=\"https:\/\/eden-the-garden.ch\/wp-content\/uploads\/2024\/06\/profil_lilo_meier.jpg 340w, https:\/\/eden-the-garden.ch\/wp-content\/uploads\/2024\/06\/profil_lilo_meier-240x300.jpg 240w\" sizes=\"(max-width: 340px) 100vw, 340px\" \/><\/figure><div class=\"wp-block-media-text__content\">\n<p class=\"has-small-font-size wp-block-paragraph\"><strong>Lilo Meier<br><\/strong>2023 eigene Praxis: <a href=\"https:\/\/heile-mit-weile.ch\/\" target=\"_blank\" rel=\"noreferrer noopener\">heile-mit-weile.ch<\/a><br>2023 Gr\u00fcndung <a href=\"https:\/\/www.therapiehaus-triemli.ch\/\" target=\"_blank\" rel=\"noreferrer noopener\">Therapiehaus Triemli<\/a><br>2023 zert. Naturheilpraktikerin TEN<br>2021 zert. Phytotherapie SMGP<br>2020 Heartwood Herbal Medicine Professional Course<br>2018 CAS Ethnomedizin Uni ZH<br>2017 CAS Ethnobotanik Uni ZH<br>2017-22 Dozentin bei Phytomed AG<br>seit 2005 Manufaktur bluetenschmaus.ch<br>2001-12 Programmiererin php, java, mysql<br>1999-01 wissenschaftl. Mitarbeit Uni ZH<br>1994 M.Sc. Biologie, Pflanzenphysiologie Uni ZH<\/p>\n<\/div><\/div>\n","protected":false},"excerpt":{"rendered":"<p>Team Andrea NaterAusbildung2024: eigene Praxis: annana.ch2020-24: dipl. Naturheilpraktikerin TEN2007-09: Drogistin HF 2001-05: Berufslehre als Drogistin EFZBerufserfahrung2021-23: Dropa Drogerie Appenzell&#8211; Fachtechnische Leitung&#8211; Unterst\u00fctzung der Gesch\u00e4ftsleitung2012-21: Dropa Apotheke Arbon&#8211; CO- Betriebsleiterin&#8211; Dozentin Naturheilkunde Dr. B\u00e4hler Dropa AG2009-12: SWIDROG Drogerie Buchs SG&#8211; Betriebsleitung Drogerie und Parf\u00fcmerie&#8211; Selbst\u00e4ndige Leitung Drogerie Lilo Meier2023 eigene Praxis: heile-mit-weile.ch2023 Gr\u00fcndung Therapiehaus Triemli2023 zert. &hellip; <\/p>\n<p class=\"link-more\"><a href=\"https:\/\/eden-the-garden.ch\/index.php\/kontakt\/\" class=\"more-link\"><span class=\"screen-reader-text\">\u201eteam\u201c <\/span>weiterlesen<\/a><\/p>\n","protected":false},"author":1,"featured_media":0,"parent":0,"menu_order":0,"comment_status":"closed","ping_status":"closed","template":"","meta":{"footnotes":""},"class_list":["post-18","page","type-page","status-publish","hentry"],"yoast_head":"<!-- This site is optimized with the Yoast SEO plugin v27.6 - https:\/\/yoast.com\/product\/yoast-seo-wordpress\/ -->\n<title>team - eden the garden<\/title>\n<meta name=\"robots\" content=\"index, follow, max-snippet:-1, max-image-preview:large, max-video-preview:-1\" \/>\n<link rel=\"canonical\" href=\"https:\/\/eden-the-garden.ch\/index.php\/kontakt\/\" \/>\n<meta property=\"og:locale\" content=\"de_DE\" \/>\n<meta property=\"og:type\" content=\"article\" \/>\n<meta property=\"og:title\" content=\"team - eden the garden\" \/>\n<meta property=\"og:description\" content=\"Team Andrea NaterAusbildung2024: eigene Praxis: annana.ch2020-24: dipl. Naturheilpraktikerin TEN2007-09: Drogistin HF 2001-05: Berufslehre als Drogistin EFZBerufserfahrung2021-23: Dropa Drogerie Appenzell&#8211; Fachtechnische Leitung&#8211; Unterst\u00fctzung der Gesch\u00e4ftsleitung2012-21: Dropa Apotheke Arbon&#8211; CO- Betriebsleiterin&#8211; Dozentin Naturheilkunde Dr. B\u00e4hler Dropa AG2009-12: SWIDROG Drogerie Buchs SG&#8211; Betriebsleitung Drogerie und Parf\u00fcmerie&#8211; Selbst\u00e4ndige Leitung Drogerie Lilo Meier2023 eigene Praxis: heile-mit-weile.ch2023 Gr\u00fcndung Therapiehaus Triemli2023 zert. &hellip; \u201eteam\u201c weiterlesen\" \/>\n<meta property=\"og:url\" content=\"https:\/\/eden-the-garden.ch\/index.php\/kontakt\/\" \/>\n<meta property=\"og:site_name\" content=\"eden the garden\" \/>\n<meta property=\"article:modified_time\" content=\"2025-02-28T10:51:01+00:00\" \/>\n<meta property=\"og:image\" content=\"https:\/\/eden-the-garden.ch\/wp-content\/uploads\/2024\/06\/profil_andrea_nater.jpg\" \/>\n\t<meta property=\"og:image:width\" content=\"340\" \/>\n\t<meta property=\"og:image:height\" content=\"425\" \/>\n\t<meta property=\"og:image:type\" content=\"image\/jpeg\" \/>\n<meta name=\"twitter:card\" content=\"summary_large_image\" \/>\n<meta name=\"twitter:label1\" content=\"Gesch\u00e4tzte Lesezeit\" \/>\n\t<meta name=\"twitter:data1\" content=\"2\u00a0Minuten\" \/>\n<script type=\"application\/ld+json\" class=\"yoast-schema-graph\">{\"@context\":\"https:\\\/\\\/schema.org\",\"@graph\":[{\"@type\":\"WebPage\",\"@id\":\"https:\\\/\\\/eden-the-garden.ch\\\/index.php\\\/kontakt\\\/\",\"url\":\"https:\\\/\\\/eden-the-garden.ch\\\/index.php\\\/kontakt\\\/\",\"name\":\"team - eden the garden\",\"isPartOf\":{\"@id\":\"https:\\\/\\\/eden-the-garden.ch\\\/#website\"},\"primaryImageOfPage\":{\"@id\":\"https:\\\/\\\/eden-the-garden.ch\\\/index.php\\\/kontakt\\\/#primaryimage\"},\"image\":{\"@id\":\"https:\\\/\\\/eden-the-garden.ch\\\/index.php\\\/kontakt\\\/#primaryimage\"},\"thumbnailUrl\":\"https:\\\/\\\/eden-the-garden.ch\\\/wp-content\\\/uploads\\\/2024\\\/06\\\/profil_andrea_nater.jpg\",\"datePublished\":\"2023-08-22T13:10:31+00:00\",\"dateModified\":\"2025-02-28T10:51:01+00:00\",\"breadcrumb\":{\"@id\":\"https:\\\/\\\/eden-the-garden.ch\\\/index.php\\\/kontakt\\\/#breadcrumb\"},\"inLanguage\":\"de\",\"potentialAction\":[{\"@type\":\"ReadAction\",\"target\":[\"https:\\\/\\\/eden-the-garden.ch\\\/index.php\\\/kontakt\\\/\"]}]},{\"@type\":\"ImageObject\",\"inLanguage\":\"de\",\"@id\":\"https:\\\/\\\/eden-the-garden.ch\\\/index.php\\\/kontakt\\\/#primaryimage\",\"url\":\"https:\\\/\\\/eden-the-garden.ch\\\/wp-content\\\/uploads\\\/2024\\\/06\\\/profil_andrea_nater.jpg\",\"contentUrl\":\"https:\\\/\\\/eden-the-garden.ch\\\/wp-content\\\/uploads\\\/2024\\\/06\\\/profil_andrea_nater.jpg\",\"width\":340,\"height\":425},{\"@type\":\"BreadcrumbList\",\"@id\":\"https:\\\/\\\/eden-the-garden.ch\\\/index.php\\\/kontakt\\\/#breadcrumb\",\"itemListElement\":[{\"@type\":\"ListItem\",\"position\":1,\"name\":\"Startseite\",\"item\":\"https:\\\/\\\/eden-the-garden.ch\\\/\"},{\"@type\":\"ListItem\",\"position\":2,\"name\":\"team\"}]},{\"@type\":\"WebSite\",\"@id\":\"https:\\\/\\\/eden-the-garden.ch\\\/#website\",\"url\":\"https:\\\/\\\/eden-the-garden.ch\\\/\",\"name\":\"eden the garden\",\"description\":\"Die Heilpflanzen-Akademie im Therapiehaus Triemli\",\"publisher\":{\"@id\":\"https:\\\/\\\/eden-the-garden.ch\\\/#organization\"},\"potentialAction\":[{\"@type\":\"SearchAction\",\"target\":{\"@type\":\"EntryPoint\",\"urlTemplate\":\"https:\\\/\\\/eden-the-garden.ch\\\/?s={search_term_string}\"},\"query-input\":{\"@type\":\"PropertyValueSpecification\",\"valueRequired\":true,\"valueName\":\"search_term_string\"}}],\"inLanguage\":\"de\"},{\"@type\":\"Organization\",\"@id\":\"https:\\\/\\\/eden-the-garden.ch\\\/#organization\",\"name\":\"eden the garden\",\"url\":\"https:\\\/\\\/eden-the-garden.ch\\\/\",\"logo\":{\"@type\":\"ImageObject\",\"inLanguage\":\"de\",\"@id\":\"https:\\\/\\\/eden-the-garden.ch\\\/#\\\/schema\\\/logo\\\/image\\\/\",\"url\":\"https:\\\/\\\/eden-the-garden.ch\\\/wp-content\\\/uploads\\\/2024\\\/02\\\/cropped-logo_white-2.png\",\"contentUrl\":\"https:\\\/\\\/eden-the-garden.ch\\\/wp-content\\\/uploads\\\/2024\\\/02\\\/cropped-logo_white-2.png\",\"width\":243,\"height\":250,\"caption\":\"eden the garden\"},\"image\":{\"@id\":\"https:\\\/\\\/eden-the-garden.ch\\\/#\\\/schema\\\/logo\\\/image\\\/\"}}]}<\/script>\n<!-- \/ Yoast SEO plugin. -->","yoast_head_json":{"title":"team - eden the garden","robots":{"index":"index","follow":"follow","max-snippet":"max-snippet:-1","max-image-preview":"max-image-preview:large","max-video-preview":"max-video-preview:-1"},"canonical":"https:\/\/eden-the-garden.ch\/index.php\/kontakt\/","og_locale":"de_DE","og_type":"article","og_title":"team - eden the garden","og_description":"Team Andrea NaterAusbildung2024: eigene Praxis: annana.ch2020-24: dipl. Naturheilpraktikerin TEN2007-09: Drogistin HF 2001-05: Berufslehre als Drogistin EFZBerufserfahrung2021-23: Dropa Drogerie Appenzell&#8211; Fachtechnische Leitung&#8211; Unterst\u00fctzung der Gesch\u00e4ftsleitung2012-21: Dropa Apotheke Arbon&#8211; CO- Betriebsleiterin&#8211; Dozentin Naturheilkunde Dr. B\u00e4hler Dropa AG2009-12: SWIDROG Drogerie Buchs SG&#8211; Betriebsleitung Drogerie und Parf\u00fcmerie&#8211; Selbst\u00e4ndige Leitung Drogerie Lilo Meier2023 eigene Praxis: heile-mit-weile.ch2023 Gr\u00fcndung Therapiehaus Triemli2023 zert. &hellip; \u201eteam\u201c weiterlesen","og_url":"https:\/\/eden-the-garden.ch\/index.php\/kontakt\/","og_site_name":"eden the garden","article_modified_time":"2025-02-28T10:51:01+00:00","og_image":[{"width":340,"height":425,"url":"https:\/\/eden-the-garden.ch\/wp-content\/uploads\/2024\/06\/profil_andrea_nater.jpg","type":"image\/jpeg"}],"twitter_card":"summary_large_image","twitter_misc":{"Gesch\u00e4tzte Lesezeit":"2\u00a0Minuten"},"schema":{"@context":"https:\/\/schema.org","@graph":[{"@type":"WebPage","@id":"https:\/\/eden-the-garden.ch\/index.php\/kontakt\/","url":"https:\/\/eden-the-garden.ch\/index.php\/kontakt\/","name":"team - eden the garden","isPartOf":{"@id":"https:\/\/eden-the-garden.ch\/#website"},"primaryImageOfPage":{"@id":"https:\/\/eden-the-garden.ch\/index.php\/kontakt\/#primaryimage"},"image":{"@id":"https:\/\/eden-the-garden.ch\/index.php\/kontakt\/#primaryimage"},"thumbnailUrl":"https:\/\/eden-the-garden.ch\/wp-content\/uploads\/2024\/06\/profil_andrea_nater.jpg","datePublished":"2023-08-22T13:10:31+00:00","dateModified":"2025-02-28T10:51:01+00:00","breadcrumb":{"@id":"https:\/\/eden-the-garden.ch\/index.php\/kontakt\/#breadcrumb"},"inLanguage":"de","potentialAction":[{"@type":"ReadAction","target":["https:\/\/eden-the-garden.ch\/index.php\/kontakt\/"]}]},{"@type":"ImageObject","inLanguage":"de","@id":"https:\/\/eden-the-garden.ch\/index.php\/kontakt\/#primaryimage","url":"https:\/\/eden-the-garden.ch\/wp-content\/uploads\/2024\/06\/profil_andrea_nater.jpg","contentUrl":"https:\/\/eden-the-garden.ch\/wp-content\/uploads\/2024\/06\/profil_andrea_nater.jpg","width":340,"height":425},{"@type":"BreadcrumbList","@id":"https:\/\/eden-the-garden.ch\/index.php\/kontakt\/#breadcrumb","itemListElement":[{"@type":"ListItem","position":1,"name":"Startseite","item":"https:\/\/eden-the-garden.ch\/"},{"@type":"ListItem","position":2,"name":"team"}]},{"@type":"WebSite","@id":"https:\/\/eden-the-garden.ch\/#website","url":"https:\/\/eden-the-garden.ch\/","name":"eden the garden","description":"Die Heilpflanzen-Akademie im Therapiehaus Triemli","publisher":{"@id":"https:\/\/eden-the-garden.ch\/#organization"},"potentialAction":[{"@type":"SearchAction","target":{"@type":"EntryPoint","urlTemplate":"https:\/\/eden-the-garden.ch\/?s={search_term_string}"},"query-input":{"@type":"PropertyValueSpecification","valueRequired":true,"valueName":"search_term_string"}}],"inLanguage":"de"},{"@type":"Organization","@id":"https:\/\/eden-the-garden.ch\/#organization","name":"eden the garden","url":"https:\/\/eden-the-garden.ch\/","logo":{"@type":"ImageObject","inLanguage":"de","@id":"https:\/\/eden-the-garden.ch\/#\/schema\/logo\/image\/","url":"https:\/\/eden-the-garden.ch\/wp-content\/uploads\/2024\/02\/cropped-logo_white-2.png","contentUrl":"https:\/\/eden-the-garden.ch\/wp-content\/uploads\/2024\/02\/cropped-logo_white-2.png","width":243,"height":250,"caption":"eden the garden"},"image":{"@id":"https:\/\/eden-the-garden.ch\/#\/schema\/logo\/image\/"}}]}},"_links":{"self":[{"href":"https:\/\/eden-the-garden.ch\/index.php\/wp-json\/wp\/v2\/pages\/18","targetHints":{"allow":["GET"]}}],"collection":[{"href":"https:\/\/eden-the-garden.ch\/index.php\/wp-json\/wp\/v2\/pages"}],"about":[{"href":"https:\/\/eden-the-garden.ch\/index.php\/wp-json\/wp\/v2\/types\/page"}],"author":[{"embeddable":true,"href":"https:\/\/eden-the-garden.ch\/index.php\/wp-json\/wp\/v2\/users\/1"}],"replies":[{"embeddable":true,"href":"https:\/\/eden-the-garden.ch\/index.php\/wp-json\/wp\/v2\/comments?post=18"}],"version-history":[{"count":28,"href":"https:\/\/eden-the-garden.ch\/index.php\/wp-json\/wp\/v2\/pages\/18\/revisions"}],"predecessor-version":[{"id":868,"href":"https:\/\/eden-the-garden.ch\/index.php\/wp-json\/wp\/v2\/pages\/18\/revisions\/868"}],"wp:attachment":[{"href":"https:\/\/eden-the-garden.ch\/index.php\/wp-json\/wp\/v2\/media?parent=18"}],"curies":[{"name":"wp","href":"https:\/\/api.w.org\/{rel}","templated":true}]}}